{"version":"1.0","provider_name":"JazzZeitung","provider_url":"https:\/\/www.jazzzeitung.de\/cms","title":"Andreas Schaerer: Anthem For No Man\u2019s Land - JazzZeitung","type":"rich","width":600,"height":338,"html":"<blockquote class=\"wp-embedded-content\" data-secret=\"rRquht6YlN\"><a href=\"https:\/\/www.jazzzeitung.de\/cms\/2025\/03\/andreas-schaerer-anthem-for-no-mans-land\/\">Andreas Schaerer: Anthem For No Man\u2019s Land<\/a><\/blockquote><iframe sandbox=\"allow-scripts\" security=\"restricted\" src=\"https:\/\/www.jazzzeitung.de\/cms\/2025\/03\/andreas-schaerer-anthem-for-no-mans-land\/embed\/#?secret=rRquht6YlN\" width=\"600\" height=\"338\" title=\"&#8222;Andreas Schaerer: Anthem For No Man\u2019s Land&#8220; &#8211; JazzZeitung\" data-secret=\"rRquht6YlN\" frameborder=\"0\" marginwidth=\"0\" marginheight=\"0\" scrolling=\"no\" class=\"wp-embedded-content\"><\/iframe><script type=\"text\/javascript\">\n\/* <![CDATA[ *\/\n\/*! This file is auto-generated *\/\n!function(d,l){\"use strict\";l.querySelector&&d.addEventListener&&\"undefined\"!=typeof URL&&(d.wp=d.wp||{},d.wp.receiveEmbedMessage||(d.wp.receiveEmbedMessage=function(e){var t=e.data;if((t||t.secret||t.message||t.value)&&!\/[^a-zA-Z0-9]\/.test(t.secret)){for(var s,r,n,a=l.querySelectorAll('iframe[data-secret=\"'+t.secret+'\"]'),o=l.querySelectorAll('blockquote[data-secret=\"'+t.secret+'\"]'),c=new RegExp(\"^https?:$\",\"i\"),i=0;i<o.length;i++)o[i].style.display=\"none\";for(i=0;i<a.length;i++)s=a[i],e.source===s.contentWindow&&(s.removeAttribute(\"style\"),\"height\"===t.message?(1e3<(r=parseInt(t.value,10))?r=1e3:~~r<200&&(r=200),s.height=r):\"link\"===t.message&&(r=new URL(s.getAttribute(\"src\")),n=new URL(t.value),c.test(n.protocol))&&n.host===r.host&&l.activeElement===s&&(d.top.location.href=t.value))}},d.addEventListener(\"message\",d.wp.receiveEmbedMessage,!1),l.addEventListener(\"DOMContentLoaded\",function(){for(var e,t,s=l.querySelectorAll(\"iframe.wp-embedded-content\"),r=0;r<s.length;r++)(t=(e=s[r]).getAttribute(\"data-secret\"))||(t=Math.random().toString(36).substring(2,12),e.src+=\"#?secret=\"+t,e.setAttribute(\"data-secret\",t)),e.contentWindow.postMessage({message:\"ready\",secret:t},\"*\")},!1)))}(window,document);\n\/\/# sourceURL=https:\/\/www.jazzzeitung.de\/cms\/wp-includes\/js\/wp-embed.min.js\n\/* ]]> *\/\n<\/script>\n","thumbnail_url":"https:\/\/www.jazzzeitung.de\/cms\/wp-content\/uploads\/2025\/03\/Andreas-Schaerer-\u252c\u00ae-rwfischer_photography.jpg","thumbnail_width":709,"thumbnail_height":532,"description":"(Text und Fotos: Robert Fischer)\u00a0\u201eWas singt der da?\u201c, d\u00fcrften sich wohl die meisten fragen, die das neue Album des Schweizer S\u00e4ngers und Vokalartisten Andreas Schaerer h\u00f6ren. Daf\u00fcr ins Studio gegangen ist er mit\u00a0 den bew\u00e4hrten Komplizen Luciano Biondini (Akkordeon), Kalle Kalima (Gitarre) und Lucas Niggli (Schlagzeug). Herausgekommen sind die auch als \u201eA Novel of Anomaly\u201c firmierenden Vier mit nicht weniger als einem Meisterwerk, das die Beantwortung der eingangs gestellten Frage pl\u00f6tzlich sonnenklar erscheinen l\u00e4sst. Doch dazu sp\u00e4ter. Vokalartist und mehr Dass Andreas Schaerer, ich sage das mit gr\u00f6\u00dftem Respekt, ein bisschen \u201edada\u201c ist \u2013 ein Musiker n\u00e4mlich, der den Esprit, den Humor und die Kunst der Dadaisten zu neuem Leben zu erwecken mag \u2013, das kann man sp\u00e4testens wissen, seit er mit seiner Band \u201eHildegard Lernt Fliegen\u201c die kleinen, gro\u00dfen und gr\u00f6\u00dften B\u00fchnen zu erobern begann. Aber was macht ein S\u00e4nger, der eine solche Ausnahmeerscheinung ist wie sonst vielleicht nur noch sein Landsmann Christian Zehnder, wenn er nicht zum wiederholten Male auf das reduziert werden m\u00f6chte, was nur sehr unzureichend als \u201eVokalartistik\u201c beschrieben wird und ein unfassbar reiches Ma\u00df an Ausdrucksm\u00f6glichkeiten der menschlichen Stimme meint? &hellip;"}