{"version":"1.0","provider_name":"JazzZeitung","provider_url":"https:\/\/www.jazzzeitung.de\/cms","author_name":"Redaktion JazzZeitung","author_url":"https:\/\/www.jazzzeitung.de\/cms\/author\/redaktion\/","title":"+++ Neubesetzung Bundesjazzorchester +++ - JazzZeitung","type":"rich","width":600,"height":338,"html":"<blockquote class=\"wp-embedded-content\" data-secret=\"CfV8aRmhdG\"><a href=\"https:\/\/www.jazzzeitung.de\/cms\/2022\/09\/neubesetzung-bundesjazzorchester\/\">+++ Neubesetzung Bundesjazzorchester +++<\/a><\/blockquote><iframe sandbox=\"allow-scripts\" security=\"restricted\" src=\"https:\/\/www.jazzzeitung.de\/cms\/2022\/09\/neubesetzung-bundesjazzorchester\/embed\/#?secret=CfV8aRmhdG\" width=\"600\" height=\"338\" title=\"&#8222;+++ Neubesetzung Bundesjazzorchester +++&#8220; &#8211; JazzZeitung\" data-secret=\"CfV8aRmhdG\" frameborder=\"0\" marginwidth=\"0\" marginheight=\"0\" scrolling=\"no\" class=\"wp-embedded-content\"><\/iframe><script type=\"text\/javascript\">\n\/* <![CDATA[ *\/\n\/*! This file is auto-generated *\/\n!function(d,l){\"use strict\";l.querySelector&&d.addEventListener&&\"undefined\"!=typeof URL&&(d.wp=d.wp||{},d.wp.receiveEmbedMessage||(d.wp.receiveEmbedMessage=function(e){var t=e.data;if((t||t.secret||t.message||t.value)&&!\/[^a-zA-Z0-9]\/.test(t.secret)){for(var s,r,n,a=l.querySelectorAll('iframe[data-secret=\"'+t.secret+'\"]'),o=l.querySelectorAll('blockquote[data-secret=\"'+t.secret+'\"]'),c=new RegExp(\"^https?:$\",\"i\"),i=0;i<o.length;i++)o[i].style.display=\"none\";for(i=0;i<a.length;i++)s=a[i],e.source===s.contentWindow&&(s.removeAttribute(\"style\"),\"height\"===t.message?(1e3<(r=parseInt(t.value,10))?r=1e3:~~r<200&&(r=200),s.height=r):\"link\"===t.message&&(r=new URL(s.getAttribute(\"src\")),n=new URL(t.value),c.test(n.protocol))&&n.host===r.host&&l.activeElement===s&&(d.top.location.href=t.value))}},d.addEventListener(\"message\",d.wp.receiveEmbedMessage,!1),l.addEventListener(\"DOMContentLoaded\",function(){for(var e,t,s=l.querySelectorAll(\"iframe.wp-embedded-content\"),r=0;r<s.length;r++)(t=(e=s[r]).getAttribute(\"data-secret\"))||(t=Math.random().toString(36).substring(2,12),e.src+=\"#?secret=\"+t,e.setAttribute(\"data-secret\",t)),e.contentWindow.postMessage({message:\"ready\",secret:t},\"*\")},!1)))}(window,document);\n\/\/# sourceURL=https:\/\/www.jazzzeitung.de\/cms\/wp-includes\/js\/wp-embed.min.js\n\/* ]]> *\/\n<\/script>\n","thumbnail_url":"https:\/\/www.jazzzeitung.de\/cms\/wp-content\/uploads\/2022\/09\/Bujazzo-2021-986_Christian-Borchers.jpg","thumbnail_width":1200,"thumbnail_height":693,"description":"+++ Neubesetzung Bundesjazzorchester +++ Turnusgem\u00e4\u00df werden 2023 s\u00e4mtliche Bigband-Instrumente (Trompeten, Posaunen, Saxofone, Rhythmusgruppe) sowie das Vokalensemble des Orchesters neu besetzt. Interessenten k\u00f6nnen sich bis zum 1. November 2022 um ein Probespiel bewerben, das vom 2.\u20134. Januar 2023 an der Hochschule f\u00fcr Musik und Tanz K\u00f6ln stattfindet. Bewerbungen sind aufgrund der Corona-Pandemie ausnahmsweise bis zum Alter von 23 Jahren m\u00f6glich. Das Bundesjazzorchester f\u00f6rdert als Jugendorchester der Bundesrepublik Deutschland den Spitzennachwuchs im Jazz und ist an eine zweij\u00e4hrige F\u00f6rderungszeit gebunden, die Konzertaktivit\u00e4ten im In- und Ausland sowie CD-Produktionen miteinschlie\u00dft. Die Bewerbungsunterlagen k\u00f6nnen aufgerufen werden unter: bundesjazzorchester.de\/ueber-uns\/bewerber Titelbild: Bundesjazzorchester. Foto: Christian Borchers"}