{"version":"1.0","provider_name":"JazzZeitung","provider_url":"https:\/\/www.jazzzeitung.de\/cms","author_name":"Dietrich Schlegel","author_url":"https:\/\/www.jazzzeitung.de\/cms\/author\/schlegel\/","title":"\u201eClarinet Bird\u201c \u2013 Zum Tode von Rolf K\u00fchn - JazzZeitung","type":"rich","width":600,"height":338,"html":"<blockquote class=\"wp-embedded-content\" data-secret=\"mBqdQcD0wS\"><a href=\"https:\/\/www.jazzzeitung.de\/cms\/2022\/08\/clarinet-bird-zum-tode-von-rolf-kuehn\/\">\u201eClarinet Bird\u201c \u2013 Zum Tode von Rolf K\u00fchn<\/a><\/blockquote><iframe sandbox=\"allow-scripts\" security=\"restricted\" src=\"https:\/\/www.jazzzeitung.de\/cms\/2022\/08\/clarinet-bird-zum-tode-von-rolf-kuehn\/embed\/#?secret=mBqdQcD0wS\" width=\"600\" height=\"338\" title=\"&#8222;\u201eClarinet Bird\u201c \u2013 Zum Tode von Rolf K\u00fchn&#8220; &#8211; JazzZeitung\" data-secret=\"mBqdQcD0wS\" frameborder=\"0\" marginwidth=\"0\" marginheight=\"0\" scrolling=\"no\" class=\"wp-embedded-content\"><\/iframe><script type=\"text\/javascript\">\n\/* <![CDATA[ *\/\n\/*! This file is auto-generated *\/\n!function(d,l){\"use strict\";l.querySelector&&d.addEventListener&&\"undefined\"!=typeof URL&&(d.wp=d.wp||{},d.wp.receiveEmbedMessage||(d.wp.receiveEmbedMessage=function(e){var t=e.data;if((t||t.secret||t.message||t.value)&&!\/[^a-zA-Z0-9]\/.test(t.secret)){for(var s,r,n,a=l.querySelectorAll('iframe[data-secret=\"'+t.secret+'\"]'),o=l.querySelectorAll('blockquote[data-secret=\"'+t.secret+'\"]'),c=new RegExp(\"^https?:$\",\"i\"),i=0;i<o.length;i++)o[i].style.display=\"none\";for(i=0;i<a.length;i++)s=a[i],e.source===s.contentWindow&&(s.removeAttribute(\"style\"),\"height\"===t.message?(1e3<(r=parseInt(t.value,10))?r=1e3:~~r<200&&(r=200),s.height=r):\"link\"===t.message&&(r=new URL(s.getAttribute(\"src\")),n=new URL(t.value),c.test(n.protocol))&&n.host===r.host&&l.activeElement===s&&(d.top.location.href=t.value))}},d.addEventListener(\"message\",d.wp.receiveEmbedMessage,!1),l.addEventListener(\"DOMContentLoaded\",function(){for(var e,t,s=l.querySelectorAll(\"iframe.wp-embedded-content\"),r=0;r<s.length;r++)(t=(e=s[r]).getAttribute(\"data-secret\"))||(t=Math.random().toString(36).substring(2,12),e.src+=\"#?secret=\"+t,e.setAttribute(\"data-secret\",t)),e.contentWindow.postMessage({message:\"ready\",secret:t},\"*\")},!1)))}(window,document);\n\/\/# sourceURL=https:\/\/www.jazzzeitung.de\/cms\/wp-includes\/js\/wp-embed.min.js\n\/* ]]> *\/\n<\/script>\n","thumbnail_url":"https:\/\/www.jazzzeitung.de\/cms\/wp-content\/uploads\/2022\/08\/huf-cmyk-np-2016-11-Joachim-Rolf-KuehnFotovanLoon845-1-900x600.jpg","thumbnail_width":900,"thumbnail_height":600,"description":"Die Jazzwelt weit \u00fcber die deutsche Szene hinaus trauert um Rolf K\u00fchn, Klarinettist von internationalem Ruf, Komponist und Arrangeur, Bandleader sowie Musical Director. Er starb in der Nacht zum Freitag, dem 19. August, in seinem Wohnort Berlin nach vergeblicher Operation infolge eines Sturzes. Er w\u00e4re am 29. September 93 Jahre alt geworden. Bis ins hohe Alter unentwegt mit eigenen Bands aktiv, sollte er noch mit seinem neuen Quartett \u201eYellow &amp; Blue\u201c im Rahmen des Multiphonics-Festivals am 20. September in K\u00f6ln und zwei Tage danach in Wuppertal auftreten. &nbsp; Der in K\u00f6ln geborene und in Leipzig aufgewachsene Jazzmusiker konnte auf ein wahrhaft reiches k\u00fcnstlerisches Leben und auf eine \u00fcberaus erfolgreiche Karriere zur\u00fcckblicken. Er wurde fr\u00fchzeitig klassisch ausgebildet, an Klavier und Klarinette, in Musiktheorie und Kompositionslehre. Nach ersten Engagements als Saxophonist und Soloklarinettist in den\u00a0 Rundfunk-Tanzorchestern Leipzig unter Kurt Henkels und des RIAS Berlin unter Werner M\u00fcller, fr\u00f6nte Rolf K\u00fchn bald auch in kleinen Formationen seinen Jazzambitionen. In den f\u00fcnfziger Jahren gewann er als Klarinettist alle deutschen und europ\u00e4ischen Jazz Polls und 1957 sogar den Down Beat Poll als \u201eClarinet New Star\u201c, denn inzwischen war er auch &hellip;"}