{"version":"1.0","provider_name":"JazzZeitung","provider_url":"https:\/\/www.jazzzeitung.de\/cms","author_name":"Redaktion JazzZeitung","author_url":"https:\/\/www.jazzzeitung.de\/cms\/author\/redaktion\/","title":"Heiner Schmitz - \u201eTales From The Wooden Kingdom\u201c - JazzZeitung","type":"rich","width":600,"height":338,"html":"<blockquote class=\"wp-embedded-content\" data-secret=\"heAc5QYfvt\"><a href=\"https:\/\/www.jazzzeitung.de\/cms\/2022\/06\/heiner-schmitz-tales-from-the-wooden-kingdom\/\">Heiner Schmitz &#8211; \u201eTales From The Wooden Kingdom\u201c<\/a><\/blockquote><iframe sandbox=\"allow-scripts\" security=\"restricted\" src=\"https:\/\/www.jazzzeitung.de\/cms\/2022\/06\/heiner-schmitz-tales-from-the-wooden-kingdom\/embed\/#?secret=heAc5QYfvt\" width=\"600\" height=\"338\" title=\"&#8222;Heiner Schmitz &#8211; \u201eTales From The Wooden Kingdom\u201c&#8220; &#8211; JazzZeitung\" data-secret=\"heAc5QYfvt\" frameborder=\"0\" marginwidth=\"0\" marginheight=\"0\" scrolling=\"no\" class=\"wp-embedded-content\"><\/iframe><script type=\"text\/javascript\">\n\/* <![CDATA[ *\/\n\/*! This file is auto-generated *\/\n!function(d,l){\"use strict\";l.querySelector&&d.addEventListener&&\"undefined\"!=typeof URL&&(d.wp=d.wp||{},d.wp.receiveEmbedMessage||(d.wp.receiveEmbedMessage=function(e){var t=e.data;if((t||t.secret||t.message||t.value)&&!\/[^a-zA-Z0-9]\/.test(t.secret)){for(var s,r,n,a=l.querySelectorAll('iframe[data-secret=\"'+t.secret+'\"]'),o=l.querySelectorAll('blockquote[data-secret=\"'+t.secret+'\"]'),c=new RegExp(\"^https?:$\",\"i\"),i=0;i<o.length;i++)o[i].style.display=\"none\";for(i=0;i<a.length;i++)s=a[i],e.source===s.contentWindow&&(s.removeAttribute(\"style\"),\"height\"===t.message?(1e3<(r=parseInt(t.value,10))?r=1e3:~~r<200&&(r=200),s.height=r):\"link\"===t.message&&(r=new URL(s.getAttribute(\"src\")),n=new URL(t.value),c.test(n.protocol))&&n.host===r.host&&l.activeElement===s&&(d.top.location.href=t.value))}},d.addEventListener(\"message\",d.wp.receiveEmbedMessage,!1),l.addEventListener(\"DOMContentLoaded\",function(){for(var e,t,s=l.querySelectorAll(\"iframe.wp-embedded-content\"),r=0;r<s.length;r++)(t=(e=s[r]).getAttribute(\"data-secret\"))||(t=Math.random().toString(36).substring(2,12),e.src+=\"#?secret=\"+t,e.setAttribute(\"data-secret\",t)),e.contentWindow.postMessage({message:\"ready\",secret:t},\"*\")},!1)))}(window,document);\n\/\/# sourceURL=https:\/\/www.jazzzeitung.de\/cms\/wp-includes\/js\/wp-embed.min.js\n\/* ]]> *\/\n<\/script>\n","thumbnail_url":"https:\/\/www.jazzzeitung.de\/cms\/wp-content\/uploads\/2022\/06\/Heiner-Schmitz-WK_CCJO_2_c_Frank-Wiesen.jpg","thumbnail_width":1500,"thumbnail_height":844,"description":"Von Dietrich Schlegel. Elias Canetti beschrieb in seinem philosophischen Hauptwerk \u201eMasse und Macht\u201c (1960) den Hang der Deutschen zur Mystifizierung des Waldes mit den Worten: \u201eIn keinem modernen Lande der Welt ist das Waldgef\u00fchl so lebendig geblieben wie in Deutschland. Das Rigide und Parallele der aufrechtstehenden B\u00e4ume, ihre Dichte und ihre Zahl erf\u00fcllt das Herz des Deutschen mit tiefer und geheimnisvoller Freude. Er sucht den Wald, in dem seine Vorfahren gelebt haben, noch gern auf und f\u00fchlt sich eins mit den B\u00e4umen\u2026 Man soll die Wirkung dieser fr\u00fchen Waldromantik auf den Deutschen nicht untersch\u00e4tzen. In hundert Liedern und Gedichten nahm er sie auf\u2026\u201c Refugium Wald Konfrontiert mit diesen S\u00e4tzen ger\u00e4t Heiner Schmitz, Jazzmusiker und Komponist, Sch\u00f6pfer seines \u2013 nach der \u201eOdyssee\u201c und \u201eSinns &amp; Blessings\u201c &#8211; neuen gro\u00dforchestralen Werkes \u201eTales From The Wooden Kingdom\u201c, ins Gr\u00fcbeln, sieht sich in gewisser Weise best\u00e4tigt und versucht zu beschreiben, was Wald f\u00fcr ihn bedeutet: \u201eWald ist f\u00fcr mich in erster Linie ein Refugium, in dem man zu sich kommen kann, seine Gedanken schweifen l\u00e4sst, den urbanen, sozusagen unbewaldeten Alltag abstreifen und durchatmen kann\u2026\u201c &nbsp; Die Frage, ob er &hellip;"}