{"version":"1.0","provider_name":"JazzZeitung","provider_url":"https:\/\/www.jazzzeitung.de\/cms","author_name":"Martin Hufner","author_url":"https:\/\/www.jazzzeitung.de\/cms\/author\/admin\/","title":"Jazzwoche Berlin #2 \u2013 Drinnen, drau\u00dfen und digital - JazzZeitung","type":"rich","width":600,"height":338,"html":"<blockquote class=\"wp-embedded-content\" data-secret=\"j3nL633irb\"><a href=\"https:\/\/www.jazzzeitung.de\/cms\/2020\/08\/jazzwoche-berlin-2-10-bis-16-august-2020\/\">Jazzwoche Berlin #2 \u2013 Drinnen, drau\u00dfen und digital<\/a><\/blockquote><iframe sandbox=\"allow-scripts\" security=\"restricted\" src=\"https:\/\/www.jazzzeitung.de\/cms\/2020\/08\/jazzwoche-berlin-2-10-bis-16-august-2020\/embed\/#?secret=j3nL633irb\" width=\"600\" height=\"338\" title=\"&#8222;Jazzwoche Berlin #2 \u2013 Drinnen, drau\u00dfen und digital&#8220; &#8211; JazzZeitung\" data-secret=\"j3nL633irb\" frameborder=\"0\" marginwidth=\"0\" marginheight=\"0\" scrolling=\"no\" class=\"wp-embedded-content\"><\/iframe><script type=\"text\/javascript\">\n\/* <![CDATA[ *\/\n\/*! This file is auto-generated *\/\n!function(d,l){\"use strict\";l.querySelector&&d.addEventListener&&\"undefined\"!=typeof URL&&(d.wp=d.wp||{},d.wp.receiveEmbedMessage||(d.wp.receiveEmbedMessage=function(e){var t=e.data;if((t||t.secret||t.message||t.value)&&!\/[^a-zA-Z0-9]\/.test(t.secret)){for(var s,r,n,a=l.querySelectorAll('iframe[data-secret=\"'+t.secret+'\"]'),o=l.querySelectorAll('blockquote[data-secret=\"'+t.secret+'\"]'),c=new RegExp(\"^https?:$\",\"i\"),i=0;i<o.length;i++)o[i].style.display=\"none\";for(i=0;i<a.length;i++)s=a[i],e.source===s.contentWindow&&(s.removeAttribute(\"style\"),\"height\"===t.message?(1e3<(r=parseInt(t.value,10))?r=1e3:~~r<200&&(r=200),s.height=r):\"link\"===t.message&&(r=new URL(s.getAttribute(\"src\")),n=new URL(t.value),c.test(n.protocol))&&n.host===r.host&&l.activeElement===s&&(d.top.location.href=t.value))}},d.addEventListener(\"message\",d.wp.receiveEmbedMessage,!1),l.addEventListener(\"DOMContentLoaded\",function(){for(var e,t,s=l.querySelectorAll(\"iframe.wp-embedded-content\"),r=0;r<s.length;r++)(t=(e=s[r]).getAttribute(\"data-secret\"))||(t=Math.random().toString(36).substring(2,12),e.src+=\"#?secret=\"+t,e.setAttribute(\"data-secret\",t)),e.contentWindow.postMessage({message:\"ready\",secret:t},\"*\")},!1)))}(window,document);\n\/\/# sourceURL=https:\/\/www.jazzzeitung.de\/cms\/wp-includes\/js\/wp-embed.min.js\n\/* ]]> *\/\n<\/script>\n","thumbnail_url":"https:\/\/i0.wp.com\/www.jazzzeitung.de\/cms\/wp-content\/uploads\/2019\/06\/2019_jazzwocheberlin-6240058.jpg?fit=2200%2C1650&ssl=1","thumbnail_width":2200,"thumbnail_height":1650,"description":"7 Tage Jazz, Improvisierte Musik und Diskurs: in Ateliers, kleinen oder gr\u00f6\u00dferen Clubs, Bars und Kleinstspielst\u00e4tten. Drinnen, drau\u00dfen und digital. Die Jazzwoche Berlin #2 richtet den Fokus auf die freie Jazz- und Improvisationsszene der Hauptstadt \u2013 nicht als kuratiertes Festival, sondern indem sie abbildet, was die Szene unter diesen besonderen Bedingungen aus sich heraus pr\u00e4sentiert. Denn gerade eben erwacht die Szene aus dem Lockdown: Musiker*innen entwickeln neue Formate, und der umfangreiche Konzertkalender zeigt, wie sehr die Szene auf die B\u00fchne will. In den Spielst\u00e4tten geht es um Hygienekonzepte und Abstandsregeln, und nur wenig Publikum darf hinein um am Live-Erlebnis teilzuhaben. Diese noch ungewohnte, aber wom\u00f6glich lang anhaltende neue Normalit\u00e4t will die Jazzwoche Berlin #2 zeigen. Deshalb findet die Jazzwoche Berlin #2 auch im Internet statt: Auf www.jazzwoche.berlin sind viele der stattfindenden Konzerte f\u00fcr ein weltweites Publikum erlebbar. Und weil es wichtig ist, ein Zeichen f\u00fcr den Wert von Musik im digitalen Raum zu setzen, sind die Livestreams nur mit Eintritt zu sehen. Die Jazzwoche Berlin #2 bietet aber nicht nur die M\u00f6glichkeit, Musik zu h\u00f6ren, sondern auch dar\u00fcber zu sprechen: \u00dcber die Bedingungen, unter denen &hellip;"}