{"version":"1.0","provider_name":"JazzZeitung","provider_url":"https:\/\/www.jazzzeitung.de\/cms","author_name":"Redaktion JazzZeitung","author_url":"https:\/\/www.jazzzeitung.de\/cms\/author\/redaktion\/","title":"Kenny Werner - \"The Space\" - JazzZeitung","type":"rich","width":600,"height":338,"html":"<blockquote class=\"wp-embedded-content\" data-secret=\"7GZ9XmkGZ6\"><a href=\"https:\/\/www.jazzzeitung.de\/cms\/2018\/11\/kenny-werner-the-space\/\">Kenny Werner &#8211; &#8222;The Space&#8220;<\/a><\/blockquote><iframe sandbox=\"allow-scripts\" security=\"restricted\" src=\"https:\/\/www.jazzzeitung.de\/cms\/2018\/11\/kenny-werner-the-space\/embed\/#?secret=7GZ9XmkGZ6\" width=\"600\" height=\"338\" title=\"&#8222;Kenny Werner &#8211; &#8222;The Space&#8220;&#8220; &#8211; JazzZeitung\" data-secret=\"7GZ9XmkGZ6\" frameborder=\"0\" marginwidth=\"0\" marginheight=\"0\" scrolling=\"no\" class=\"wp-embedded-content\"><\/iframe><script type=\"text\/javascript\">\n\/* <![CDATA[ *\/\n\/*! This file is auto-generated *\/\n!function(d,l){\"use strict\";l.querySelector&&d.addEventListener&&\"undefined\"!=typeof URL&&(d.wp=d.wp||{},d.wp.receiveEmbedMessage||(d.wp.receiveEmbedMessage=function(e){var t=e.data;if((t||t.secret||t.message||t.value)&&!\/[^a-zA-Z0-9]\/.test(t.secret)){for(var s,r,n,a=l.querySelectorAll('iframe[data-secret=\"'+t.secret+'\"]'),o=l.querySelectorAll('blockquote[data-secret=\"'+t.secret+'\"]'),c=new RegExp(\"^https?:$\",\"i\"),i=0;i<o.length;i++)o[i].style.display=\"none\";for(i=0;i<a.length;i++)s=a[i],e.source===s.contentWindow&&(s.removeAttribute(\"style\"),\"height\"===t.message?(1e3<(r=parseInt(t.value,10))?r=1e3:~~r<200&&(r=200),s.height=r):\"link\"===t.message&&(r=new URL(s.getAttribute(\"src\")),n=new URL(t.value),c.test(n.protocol))&&n.host===r.host&&l.activeElement===s&&(d.top.location.href=t.value))}},d.addEventListener(\"message\",d.wp.receiveEmbedMessage,!1),l.addEventListener(\"DOMContentLoaded\",function(){for(var e,t,s=l.querySelectorAll(\"iframe.wp-embedded-content\"),r=0;r<s.length;r++)(t=(e=s[r]).getAttribute(\"data-secret\"))||(t=Math.random().toString(36).substring(2,12),e.src+=\"#?secret=\"+t,e.setAttribute(\"data-secret\",t)),e.contentWindow.postMessage({message:\"ready\",secret:t},\"*\")},!1)))}(window,document);\n\/\/# sourceURL=https:\/\/www.jazzzeitung.de\/cms\/wp-includes\/js\/wp-embed.min.js\n\/* ]]> *\/\n<\/script>\n","thumbnail_url":"https:\/\/i0.wp.com\/www.jazzzeitung.de\/cms\/wp-content\/uploads\/2018\/10\/Werner-The-Space-Cover-e1540219459133.jpg?fit=2850%2C2175&ssl=1","thumbnail_width":2850,"thumbnail_height":2175,"description":"Was f\u00fcr eine Freude! Endlich erscheint das lang erwartete Piano-Solo-Album von Kenny Werner \u201eThe Space\u201c. Der Titel der Aufnahme ist Programm und l\u00e4sst beim H\u00f6ren der CD Raum f\u00fcr Klang und Assoziationen. Aufgenommen wurde sie im Mai 2016 im Oberhachinger Kyberg Studio \u2013 da kommt dann doch gleich wieder Wehmut auf angesichts der Tatsache, dass das dort beheimatete Label Pirouet produktionstechnisch seit 2016 \u201eeine Pause macht\u201c. Aber zur\u00fcck zu Kenny Werners neuen Soloaufnahme. Entschlossen wie mutig ist die Auswahl der St\u00fccke, die Kenny Werner auf seiner CD \u201eThe Space\u201c versammelt hat. Der Eigenkomposition \u201eThe Space\u201c gleich zu Beginn der CD, einer r\u00e4tselhaften, klanglich abwechslungsreichen wie spannenden Art Suite, die den H\u00f6rer in den \u201eWernerschen\u201c Klangkosmos entf\u00fchrt, folgt Keith Jarretts \u201eEncore from Tokyo\u201c in einer Adaption von Kenny Werner, interessant wie faszinierend gespielt. Danach pr\u00e4sentiert der Pianist eine harmonisch assoziative Eigenkomposition: \u201eFifth Movement\u201c. Nach dem einzigartigen \u201eYou must believe in spring\u201c von Michel Legrand sind mit \u201eTaro\u201c &amp; &#8222;Kiyoko\u201c zwei Kompositionen von Jason Seizer zu h\u00f6ren, gefolgt von einer herrlich inspirierten Version des Standards \u201eIf I should lose you\u201c. Das Album schlie\u00dft mit Werners bewegender Ballade &hellip;"}