{"version":"1.0","provider_name":"JazzZeitung","provider_url":"https:\/\/www.jazzzeitung.de\/cms","author_name":"Redaktion JazzZeitung","author_url":"https:\/\/www.jazzzeitung.de\/cms\/author\/redaktion\/","title":"Vom Duo bis zur NDR Big Bigband: zum Tod des Vibraphonisten Wolfgang Schl\u00fcter - JazzZeitung","type":"rich","width":600,"height":338,"html":"<blockquote class=\"wp-embedded-content\" data-secret=\"UjaMDGITsa\"><a href=\"https:\/\/www.jazzzeitung.de\/cms\/2018\/11\/17855\/\">Vom Duo bis zur NDR Big Bigband: zum Tod des Vibraphonisten Wolfgang Schl\u00fcter<\/a><\/blockquote><iframe sandbox=\"allow-scripts\" security=\"restricted\" src=\"https:\/\/www.jazzzeitung.de\/cms\/2018\/11\/17855\/embed\/#?secret=UjaMDGITsa\" width=\"600\" height=\"338\" title=\"&#8222;Vom Duo bis zur NDR Big Bigband: zum Tod des Vibraphonisten Wolfgang Schl\u00fcter&#8220; &#8211; JazzZeitung\" data-secret=\"UjaMDGITsa\" frameborder=\"0\" marginwidth=\"0\" marginheight=\"0\" scrolling=\"no\" class=\"wp-embedded-content\"><\/iframe><script type=\"text\/javascript\">\n\/* <![CDATA[ *\/\n\/*! This file is auto-generated *\/\n!function(d,l){\"use strict\";l.querySelector&&d.addEventListener&&\"undefined\"!=typeof URL&&(d.wp=d.wp||{},d.wp.receiveEmbedMessage||(d.wp.receiveEmbedMessage=function(e){var t=e.data;if((t||t.secret||t.message||t.value)&&!\/[^a-zA-Z0-9]\/.test(t.secret)){for(var s,r,n,a=l.querySelectorAll('iframe[data-secret=\"'+t.secret+'\"]'),o=l.querySelectorAll('blockquote[data-secret=\"'+t.secret+'\"]'),c=new RegExp(\"^https?:$\",\"i\"),i=0;i<o.length;i++)o[i].style.display=\"none\";for(i=0;i<a.length;i++)s=a[i],e.source===s.contentWindow&&(s.removeAttribute(\"style\"),\"height\"===t.message?(1e3<(r=parseInt(t.value,10))?r=1e3:~~r<200&&(r=200),s.height=r):\"link\"===t.message&&(r=new URL(s.getAttribute(\"src\")),n=new URL(t.value),c.test(n.protocol))&&n.host===r.host&&l.activeElement===s&&(d.top.location.href=t.value))}},d.addEventListener(\"message\",d.wp.receiveEmbedMessage,!1),l.addEventListener(\"DOMContentLoaded\",function(){for(var e,t,s=l.querySelectorAll(\"iframe.wp-embedded-content\"),r=0;r<s.length;r++)(t=(e=s[r]).getAttribute(\"data-secret\"))||(t=Math.random().toString(36).substring(2,12),e.src+=\"#?secret=\"+t,e.setAttribute(\"data-secret\",t)),e.contentWindow.postMessage({message:\"ready\",secret:t},\"*\")},!1)))}(window,document);\n\/\/# sourceURL=https:\/\/www.jazzzeitung.de\/cms\/wp-includes\/js\/wp-embed.min.js\n\/* ]]> *\/\n<\/script>\n","thumbnail_url":"https:\/\/i0.wp.com\/www.jazzzeitung.de\/cms\/wp-content\/uploads\/2018\/11\/Wolfgang-Schl\u00fcter-Foto-TJ-Krebs-jazzphotoagency@web.de_.jpg?fit=1800%2C1200&ssl=1","thumbnail_width":1800,"thumbnail_height":1200,"description":"Der Jazzmusiker Wolfgang Schl\u00fcter ist tot. Wie seine Plattenfirma Skip Records am Dienstag mitteilte, starb er am Montag im Alter von 85 Jahren an den Folgen eines Schlaganfalls. Der 1933 in Berlin geborene Musiker wollte eigentlich klassischer Solopaukist werden, wechselte dann aber zum Vibraphon und zum Jazz. 2001 wurde er mit dem Deutschen Jazzpreis, 2013 mit einem Echo Jazz und 2017 mit dem Hamburger Jazzpreis ausgezeichnet. Der Vibraphonist Wolfgang Schl\u00fcter ist am 12. November 2018, im Alter von 85 Jahren v\u00f6llig unerwartet &#8211; und gerade mit den abschlie\u00dfenden Aufgaben eines neuen Projektes mit seinem Quartett und Streichern besch\u00e4ftigt &#8211; verstorben. Wolfgang Schl\u00fcter hat viele Jazzepochen miterlebt und sie mit seinem unverwechselbaren Spiel gepr\u00e4gt: vom Swing der Nachkriegszeit \u00fcber den Bebop und den \u201ecoolen\u201c Jazz der 50er-Jahre bis zu freieren Experimenten. Er spielte in unterschiedlichsten Besetzungen: vom Duo \u00fcber das Quartett bis zum Jazzorchester. 30 Jahre war Wolfgang Schl\u00fcter Mitglieder der NDR Bigband; daneben spielte er mit vielen Jazzgr\u00f6\u00dfen wie Kurt Edelhagen und Peter Herbolzheimer, vor allem aber fast ein halbes Jahrhundert lang mit dem Pianisten und sp\u00e4teren Redakteur Michael Naura. An der Hamburger Hochschule f\u00fcr &hellip;"}