{"version":"1.0","provider_name":"JazzZeitung","provider_url":"https:\/\/www.jazzzeitung.de\/cms","author_name":"Huflaikhan","author_url":"https:\/\/www.jazzzeitung.de\/cms\/author\/hufi\/","title":"Jazzopen oder Jazzclosed Stuttgart 2018 - JazzZeitung","type":"rich","width":600,"height":338,"html":"<blockquote class=\"wp-embedded-content\" data-secret=\"Ykm2XOwcHM\"><a href=\"https:\/\/www.jazzzeitung.de\/cms\/2017\/12\/jazzopen-oder-jazzclosed-stuttgart-2018\/\">Jazzopen oder Jazzclosed Stuttgart 2018<\/a><\/blockquote><iframe sandbox=\"allow-scripts\" security=\"restricted\" src=\"https:\/\/www.jazzzeitung.de\/cms\/2017\/12\/jazzopen-oder-jazzclosed-stuttgart-2018\/embed\/#?secret=Ykm2XOwcHM\" width=\"600\" height=\"338\" title=\"&#8222;Jazzopen oder Jazzclosed Stuttgart 2018&#8220; &#8211; JazzZeitung\" data-secret=\"Ykm2XOwcHM\" frameborder=\"0\" marginwidth=\"0\" marginheight=\"0\" scrolling=\"no\" class=\"wp-embedded-content\"><\/iframe><script type=\"text\/javascript\">\n\/* <![CDATA[ *\/\n\/*! This file is auto-generated *\/\n!function(d,l){\"use strict\";l.querySelector&&d.addEventListener&&\"undefined\"!=typeof URL&&(d.wp=d.wp||{},d.wp.receiveEmbedMessage||(d.wp.receiveEmbedMessage=function(e){var t=e.data;if((t||t.secret||t.message||t.value)&&!\/[^a-zA-Z0-9]\/.test(t.secret)){for(var s,r,n,a=l.querySelectorAll('iframe[data-secret=\"'+t.secret+'\"]'),o=l.querySelectorAll('blockquote[data-secret=\"'+t.secret+'\"]'),c=new RegExp(\"^https?:$\",\"i\"),i=0;i<o.length;i++)o[i].style.display=\"none\";for(i=0;i<a.length;i++)s=a[i],e.source===s.contentWindow&&(s.removeAttribute(\"style\"),\"height\"===t.message?(1e3<(r=parseInt(t.value,10))?r=1e3:~~r<200&&(r=200),s.height=r):\"link\"===t.message&&(r=new URL(s.getAttribute(\"src\")),n=new URL(t.value),c.test(n.protocol))&&n.host===r.host&&l.activeElement===s&&(d.top.location.href=t.value))}},d.addEventListener(\"message\",d.wp.receiveEmbedMessage,!1),l.addEventListener(\"DOMContentLoaded\",function(){for(var e,t,s=l.querySelectorAll(\"iframe.wp-embedded-content\"),r=0;r<s.length;r++)(t=(e=s[r]).getAttribute(\"data-secret\"))||(t=Math.random().toString(36).substring(2,12),e.src+=\"#?secret=\"+t,e.setAttribute(\"data-secret\",t)),e.contentWindow.postMessage({message:\"ready\",secret:t},\"*\")},!1)))}(window,document);\n\/\/# sourceURL=https:\/\/www.jazzzeitung.de\/cms\/wp-includes\/js\/wp-embed.min.js\n\/* ]]> *\/\n<\/script>\n","thumbnail_url":"https:\/\/i0.wp.com\/www.jazzzeitung.de\/cms\/wp-content\/uploads\/2017\/12\/jazzopen_schlossplatz.jpg?fit=2200%2C1465&ssl=1","thumbnail_width":2200,"thumbnail_height":1465,"description":"Oder: Wie f\u00fcllt man 7.000 Pl\u00e4tze. Via Jazzfachzeitung BILD-Zeitung beschwert sich der Vorsitzende des Jazzverbands Baden-W\u00fcrttemberg, Eckhart Fischer \u00fcber die Programmierung der Jazzopen 2018 in Stuttgart: \u201eDa steht zwar \u201eJazzopen\u201c drauf, ist aber kaum noch Jazz drin. \u2026 Es ist wirklich schade, dass namhafte Jazz-K\u00fcnstler f\u00fcr die Haupttrib\u00fcne nicht in Frage kommen.\u201c Die Organisatoren wehren sich dagegen: \u201eEs gibt eben nicht viele Jazz-K\u00fcnstler, die den Schlossplatz mit seiner Kapazit\u00e4t von 7.000 Menschen f\u00fcllen.\u201c Gegen wen oder f\u00fcr wen richtet sich das Programm als. Die K\u00fcnstler, die auf dem Schlossplatz spielen \u201ed\u00fcrfen\u201c sind: Jamie Cullum [als Dauergast] (&amp; Joss Stone) Lenny Kravitz Jamiroquai Fanta 4 Kraftwerk Im Alten Schloss selbst spielen: Gregory Porter Pat Metheny Till Br\u00f6nner Stanley Clarke Band Ein Fall f\u00fcr das Jazzordungsamt? Die Sache ist nicht einfach, will man nicht Grenzlinien aufbauen, die die Sache nur schlimmer machen. Anders herum gefragt: St\u00fcnde da nicht Jazzopen drauf sondern Poprockopen, niemand w\u00fcrde sich Sorgen machen. Ohne Schwierigkeiten k\u00f6nnte man all die Musiker (ja es sind ja nur Musiker und eine S\u00e4ngerin) in ein solches Umfeld hineinsetzen. Aber wo wir gerade mal beim Thema sind: K\u00f6nnte &hellip;"}