{"version":"1.0","provider_name":"JazzZeitung","provider_url":"https:\/\/www.jazzzeitung.de\/cms","author_name":"Redaktion JazzZeitung","author_url":"https:\/\/www.jazzzeitung.de\/cms\/author\/redaktion\/","title":"Live Acts: +++ Kemptener Jazzfr\u00fchlung +++ BamesreiterSchwartzOrchestra +++ - JazzZeitung","type":"rich","width":600,"height":338,"html":"<blockquote class=\"wp-embedded-content\" data-secret=\"Xm8QGndvl4\"><a href=\"https:\/\/www.jazzzeitung.de\/cms\/2017\/04\/on-tour\/\">Live Acts: +++ Kemptener Jazzfr\u00fchlung +++ BamesreiterSchwartzOrchestra +++<\/a><\/blockquote><iframe sandbox=\"allow-scripts\" security=\"restricted\" src=\"https:\/\/www.jazzzeitung.de\/cms\/2017\/04\/on-tour\/embed\/#?secret=Xm8QGndvl4\" width=\"600\" height=\"338\" title=\"&#8222;Live Acts: +++ Kemptener Jazzfr\u00fchlung +++ BamesreiterSchwartzOrchestra +++&#8220; &#8211; JazzZeitung\" data-secret=\"Xm8QGndvl4\" frameborder=\"0\" marginwidth=\"0\" marginheight=\"0\" scrolling=\"no\" class=\"wp-embedded-content\"><\/iframe><script type=\"text\/javascript\">\n\/* <![CDATA[ *\/\n\/*! This file is auto-generated *\/\n!function(d,l){\"use strict\";l.querySelector&&d.addEventListener&&\"undefined\"!=typeof URL&&(d.wp=d.wp||{},d.wp.receiveEmbedMessage||(d.wp.receiveEmbedMessage=function(e){var t=e.data;if((t||t.secret||t.message||t.value)&&!\/[^a-zA-Z0-9]\/.test(t.secret)){for(var s,r,n,a=l.querySelectorAll('iframe[data-secret=\"'+t.secret+'\"]'),o=l.querySelectorAll('blockquote[data-secret=\"'+t.secret+'\"]'),c=new RegExp(\"^https?:$\",\"i\"),i=0;i<o.length;i++)o[i].style.display=\"none\";for(i=0;i<a.length;i++)s=a[i],e.source===s.contentWindow&&(s.removeAttribute(\"style\"),\"height\"===t.message?(1e3<(r=parseInt(t.value,10))?r=1e3:~~r<200&&(r=200),s.height=r):\"link\"===t.message&&(r=new URL(s.getAttribute(\"src\")),n=new URL(t.value),c.test(n.protocol))&&n.host===r.host&&l.activeElement===s&&(d.top.location.href=t.value))}},d.addEventListener(\"message\",d.wp.receiveEmbedMessage,!1),l.addEventListener(\"DOMContentLoaded\",function(){for(var e,t,s=l.querySelectorAll(\"iframe.wp-embedded-content\"),r=0;r<s.length;r++)(t=(e=s[r]).getAttribute(\"data-secret\"))||(t=Math.random().toString(36).substring(2,12),e.src+=\"#?secret=\"+t,e.setAttribute(\"data-secret\",t)),e.contentWindow.postMessage({message:\"ready\",secret:t},\"*\")},!1)))}(window,document);\n\/\/# sourceURL=https:\/\/www.jazzzeitung.de\/cms\/wp-includes\/js\/wp-embed.min.js\n\/* ]]> *\/\n<\/script>\n","description":"+++ Kempten mit Jazz-Fr\u00fchlingsgef\u00fchlen +++ Vom 29.4. bis 7.5. findet der 33. Kemptener Jazzfr\u00fchling statt. Gut 60 Konzerte in neun Tagen von nationalen\u00a0wie internationalen K\u00fcnstlern auf ca. 40 B\u00fchnen dargeboten \u2013 verschiedenste Stilrichtungen von traditionellem Jazz \u00fcber Blues, Swing,\u00a0Gypsy, Bigband-Jazz und Gospel bis hin zu\u00a0moderneren Spielarten werden zu h\u00f6ren sein. Der Theatersaal im STADTTHEATER ist erneut\u00a0der Mittelpunkt des Jazzfr\u00fchlings. Freuen Sie\u00a0sich auf SAK\u00c9SHO FEAT. PAQUITO D\u2019 RIVERA, die SINGIN\u2019 BIRDS und das\u00a0KARNATAKA COLLEGE OF PERCUSSION FEAT.\u00a0MATTHIAS SCHRIEFL. Im THEATEROBEN, dem kleinen Saal im Stadttheater, h\u00f6ren Sie Indo-Jazz von TRIO\u00a0BENARES, Avant-Funk mit dem\u00a0\u00c9MILE PARISIEN QUARTET und ein Feuerwerk grandioser Melodien\u00a0und packender Improvisatione\u00a0von QUARTETTO TRIONFALE. Der HANSJ\u00dcRG-HENSLER-JAZZ-WETT-BEWERB bietet wieder aufstrebenden Jazzmusikern ein Podium und dem Publikum ein\u00a0Spektakel voller musikalischer H\u00f6hepunkte. A\u00dcW JAZZPERLEN &#8211;\u00a0der kleine Saal mit Ausblick\u00a0auf die Iller ist wiederum Austragungsort f\u00fcr\u00a0die rein akustisch ausgerichteten Konzerte des\u00a0Festivals. BLUESCAF\u00c9 &#8211; Blues vom Feinsten ist t\u00e4glich in\u00a0der Brauereigastst\u00e4tte \u00bbZum Stift\u00ab zu h\u00f6ren. Die Konzertreihe im HAUS HOCHLAND geht\u00a0in die dritte, die JAZZNACHT bereits in die vierte\u00a0Runde und am ersten Abend treten die Blues\u00a0Brothers im \u00bbPARKTHEATER\u00ab auf . &nbsp; +++ BamesreiterSchwartzOrchestra auf Tournee +++ Die acht Kompositionen auf ihrem &hellip;","thumbnail_url":"http:\/\/www.jazzzeitung.de\/cms\/wp-content\/uploads\/2017\/04\/Norisha_Foto-Norisha-150x150.png"}