{"version":"1.0","provider_name":"JazzZeitung","provider_url":"https:\/\/www.jazzzeitung.de\/cms","title":"Der \u201eJazz Pott\u201c 2016 geht an Jochen R\u00fcckert - JazzZeitung","type":"rich","width":600,"height":338,"html":"<blockquote class=\"wp-embedded-content\" data-secret=\"dpqGwS9tnH\"><a href=\"https:\/\/www.jazzzeitung.de\/cms\/2016\/07\/der-jazz-pott-2016-geht-jochen-rueckert\/\">Der \u201eJazz Pott\u201c 2016 geht an Jochen R\u00fcckert<\/a><\/blockquote><iframe sandbox=\"allow-scripts\" security=\"restricted\" src=\"https:\/\/www.jazzzeitung.de\/cms\/2016\/07\/der-jazz-pott-2016-geht-jochen-rueckert\/embed\/#?secret=dpqGwS9tnH\" width=\"600\" height=\"338\" title=\"&#8222;Der \u201eJazz Pott\u201c 2016 geht an Jochen R\u00fcckert&#8220; &#8211; JazzZeitung\" data-secret=\"dpqGwS9tnH\" frameborder=\"0\" marginwidth=\"0\" marginheight=\"0\" scrolling=\"no\" class=\"wp-embedded-content\"><\/iframe><script type=\"text\/javascript\">\n\/* <![CDATA[ *\/\n\/*! This file is auto-generated *\/\n!function(d,l){\"use strict\";l.querySelector&&d.addEventListener&&\"undefined\"!=typeof URL&&(d.wp=d.wp||{},d.wp.receiveEmbedMessage||(d.wp.receiveEmbedMessage=function(e){var t=e.data;if((t||t.secret||t.message||t.value)&&!\/[^a-zA-Z0-9]\/.test(t.secret)){for(var s,r,n,a=l.querySelectorAll('iframe[data-secret=\"'+t.secret+'\"]'),o=l.querySelectorAll('blockquote[data-secret=\"'+t.secret+'\"]'),c=new RegExp(\"^https?:$\",\"i\"),i=0;i<o.length;i++)o[i].style.display=\"none\";for(i=0;i<a.length;i++)s=a[i],e.source===s.contentWindow&&(s.removeAttribute(\"style\"),\"height\"===t.message?(1e3<(r=parseInt(t.value,10))?r=1e3:~~r<200&&(r=200),s.height=r):\"link\"===t.message&&(r=new URL(s.getAttribute(\"src\")),n=new URL(t.value),c.test(n.protocol))&&n.host===r.host&&l.activeElement===s&&(d.top.location.href=t.value))}},d.addEventListener(\"message\",d.wp.receiveEmbedMessage,!1),l.addEventListener(\"DOMContentLoaded\",function(){for(var e,t,s=l.querySelectorAll(\"iframe.wp-embedded-content\"),r=0;r<s.length;r++)(t=(e=s[r]).getAttribute(\"data-secret\"))||(t=Math.random().toString(36).substring(2,12),e.src+=\"#?secret=\"+t,e.setAttribute(\"data-secret\",t)),e.contentWindow.postMessage({message:\"ready\",secret:t},\"*\")},!1)))}(window,document);\n\/\/# sourceURL=https:\/\/www.jazzzeitung.de\/cms\/wp-includes\/js\/wp-embed.min.js\n\/* ]]> *\/\n<\/script>\n","description":"Auch in diesem Herbst beginnt die \u201eJazz in Essen\u201c-Saison mit der traditionellen \u201eJazz Pott\u201c-Verleihung. Der diesj\u00e4hrige Preistr\u00e4ger ist einer der wenigen deutschen Musiker, die auch in der Jazzmetropole New York Fu\u00df fassen konnten: der Schlagzeuger Jochen R\u00fcckert. 1975 in D\u00fcren bei K\u00f6ln geboren, begann R\u00fcckert im Alter von sechs Jahren Schlagzeug zu spielen. Er studierte von 1993 bis 1995 an der Hochschule f\u00fcr Musik in K\u00f6ln und zog direkt nach seinem Abschluss nach Brooklyn, wo er 1998 sein Deb\u00fctalbum \u201eIntroduction\u201c mit Hayden Chisholm, Ben Monder, Kurt Rosenwinkel, Chris Potter und Johannes Weidenm\u00fcller ver\u00f6ffentlichte. 2000 erhielt er den F\u00f6rderpreis f\u00fcr Musik des Landes Nordrhein-Westfalen. Bislang hat er an etwa 80 Alben mitgewirkt und unternahm Tourneen durch Europa, Nord- und S\u00fcdamerika, Asien und Australien. Er arbeitet(e) mit Bands und Musikern wie Marc Copland Trio, Nils Wogram&#8217;s Root 70, Kurt Rosenwinkel Group, Mark Turner Band sowie Chris Cheek, Jason Seizer, John Abercrombie, Kevin Hays, Madeleine Peyroux, Thomas R\u00fcckert, Tim Hagans und Sam Yahel. Au\u00dferdem leitet er selbst ein international besetztes Quartett aus Top-Musikern der New Yorker Szene. Mit ihnen realisiert er sein Ideal eines zeitgem\u00e4\u00dfen Jazz, der auch &hellip;","thumbnail_url":"http:\/\/www.jazzzeitung.de\/cms\/wp-content\/uploads\/2016\/07\/Jochen_Rueckert_by_Konstantin_Kern_klein-150x150.jpg"}