{"version":"1.0","provider_name":"JazzZeitung","provider_url":"https:\/\/www.jazzzeitung.de\/cms","title":"Die Preistr\u00e4ger des ECHO Jazz 2016 stehen fest - JazzZeitung","type":"rich","width":600,"height":338,"html":"<blockquote class=\"wp-embedded-content\" data-secret=\"oPmyVFgQxL\"><a href=\"https:\/\/www.jazzzeitung.de\/cms\/2016\/04\/newsdie-preistraeger-des-echo-jazz-2016-stehen-fest\/\">Die Preistr\u00e4ger des ECHO Jazz 2016 stehen fest<\/a><\/blockquote><iframe sandbox=\"allow-scripts\" security=\"restricted\" src=\"https:\/\/www.jazzzeitung.de\/cms\/2016\/04\/newsdie-preistraeger-des-echo-jazz-2016-stehen-fest\/embed\/#?secret=oPmyVFgQxL\" width=\"600\" height=\"338\" title=\"&#8222;Die Preistr\u00e4ger des ECHO Jazz 2016 stehen fest&#8220; &#8211; JazzZeitung\" data-secret=\"oPmyVFgQxL\" frameborder=\"0\" marginwidth=\"0\" marginheight=\"0\" scrolling=\"no\" class=\"wp-embedded-content\"><\/iframe><script type=\"text\/javascript\">\n\/* <![CDATA[ *\/\n\/*! This file is auto-generated *\/\n!function(d,l){\"use strict\";l.querySelector&&d.addEventListener&&\"undefined\"!=typeof URL&&(d.wp=d.wp||{},d.wp.receiveEmbedMessage||(d.wp.receiveEmbedMessage=function(e){var t=e.data;if((t||t.secret||t.message||t.value)&&!\/[^a-zA-Z0-9]\/.test(t.secret)){for(var s,r,n,a=l.querySelectorAll('iframe[data-secret=\"'+t.secret+'\"]'),o=l.querySelectorAll('blockquote[data-secret=\"'+t.secret+'\"]'),c=new RegExp(\"^https?:$\",\"i\"),i=0;i<o.length;i++)o[i].style.display=\"none\";for(i=0;i<a.length;i++)s=a[i],e.source===s.contentWindow&&(s.removeAttribute(\"style\"),\"height\"===t.message?(1e3<(r=parseInt(t.value,10))?r=1e3:~~r<200&&(r=200),s.height=r):\"link\"===t.message&&(r=new URL(s.getAttribute(\"src\")),n=new URL(t.value),c.test(n.protocol))&&n.host===r.host&&l.activeElement===s&&(d.top.location.href=t.value))}},d.addEventListener(\"message\",d.wp.receiveEmbedMessage,!1),l.addEventListener(\"DOMContentLoaded\",function(){for(var e,t,s=l.querySelectorAll(\"iframe.wp-embedded-content\"),r=0;r<s.length;r++)(t=(e=s[r]).getAttribute(\"data-secret\"))||(t=Math.random().toString(36).substring(2,12),e.src+=\"#?secret=\"+t,e.setAttribute(\"data-secret\",t)),e.contentWindow.postMessage({message:\"ready\",secret:t},\"*\")},!1)))}(window,document);\n\/\/# sourceURL=https:\/\/www.jazzzeitung.de\/cms\/wp-includes\/js\/wp-embed.min.js\n\/* ]]> *\/\n<\/script>\n","description":"Die Preistr\u00e4ger des ECHO Jazz 2016 stehen fest. Wie die Deutsche Phono-Akademie, das Kulturinstitut des Bundesverbandes Musikindustrie (BVMI), heute .mitteilte, darf sich in der Kategorie \u201eEnsemble des Jahres national&#8220; das Michael Wollny Trio \u00fcber eine .Auszeichnung f\u00fcr \u201eNacht-fahrten&#8220; freuen, \u201eEnsemble des Jahres international&#8220; ist das Jazz-Quartett James Farm um Saxophonist Joshua Redman. Zu den \u201eInstrumentalisten des Jahres national&#8220; geh\u00f6ren Rolf K\u00fchn (Saxophon\/Woodwinds), Anke Helfrich (Piano\/Keyboards) und Nils Wogram (Blechblasinstrumente\/Brass). Als .inter-nationale Instrumentalisten werden unter anderem Tigran Hamasyan (Piano\/ Keyboards), Lars Danielsson (Bass\/Bassgitarre) und Kamasi Washington (Saxo-phon\/Woodwinds) geehrt. S\u00e4ngerin Natalia Mateo entschied die Kategorie \u201eNewcomer des Jahres&#8220; f\u00fcr sich, Sebastian Sternal und die Sternal Symphonic Society werden mit \u201eSternal Symphonic Society Vol.2&#8243; f\u00fcr das \u201eBig Band-Album des Jahres&#8220; ausgezeichnet, Diana Kralls \u201eWallflower&#8220; ist \u201eBestseller des Jahres&#8220;. Florian Dr\u00fccke, Gesch\u00e4ftsf\u00fchrer des BVMI: \u201eDie Vorfreude wird in diesem Jahr \u00fcberschattet durch die unfassbar traurige Nachricht von Roger Ciceros Tod. Er h\u00e4tte den\u00a0ECHO Jazz als\u00a0\u201aS\u00e4nger des Jahres national&#8216; f\u00fcr sein 2015 erschienenes Album \u201aThe Roger Cicero Jazz Experience&#8216;, das er gemeinsam mit Matthias Meusel, Maik Schott und Herv\u00e9 Jeanne aufgenommen und produziert hat, dieses Jahr pers\u00f6nlich entgegennehmen und durch &hellip;","thumbnail_url":"http:\/\/www.jazzzeitung.de\/cms\/wp-content\/uploads\/2016\/04\/wuestenhagen_echojazz2013_54901-150x150.jpg"}