{"version":"1.0","provider_name":"JazzZeitung","provider_url":"https:\/\/www.jazzzeitung.de\/cms","author_name":"Redaktion JazzZeitung","author_url":"https:\/\/www.jazzzeitung.de\/cms\/author\/redaktion\/","title":"In Bayern steppt der B\u00e4r: Landeswettbewerb \"Jugend jazzt\" 2015 - JazzZeitung","type":"rich","width":600,"height":338,"html":"<blockquote class=\"wp-embedded-content\" data-secret=\"WoBZOb3gBf\"><a href=\"https:\/\/www.jazzzeitung.de\/cms\/2015\/11\/bayern-steppt-der-baer-landeswettbewerb-jugend-jazzt-2015\/\">In Bayern steppt der B\u00e4r: Landeswettbewerb &#8222;Jugend jazzt&#8220; 2015<\/a><\/blockquote><iframe sandbox=\"allow-scripts\" security=\"restricted\" src=\"https:\/\/www.jazzzeitung.de\/cms\/2015\/11\/bayern-steppt-der-baer-landeswettbewerb-jugend-jazzt-2015\/embed\/#?secret=WoBZOb3gBf\" width=\"600\" height=\"338\" title=\"&#8222;In Bayern steppt der B\u00e4r: Landeswettbewerb &#8222;Jugend jazzt&#8220; 2015&#8220; &#8211; JazzZeitung\" data-secret=\"WoBZOb3gBf\" frameborder=\"0\" marginwidth=\"0\" marginheight=\"0\" scrolling=\"no\" class=\"wp-embedded-content\"><\/iframe><script type=\"text\/javascript\">\n\/* <![CDATA[ *\/\n\/*! This file is auto-generated *\/\n!function(d,l){\"use strict\";l.querySelector&&d.addEventListener&&\"undefined\"!=typeof URL&&(d.wp=d.wp||{},d.wp.receiveEmbedMessage||(d.wp.receiveEmbedMessage=function(e){var t=e.data;if((t||t.secret||t.message||t.value)&&!\/[^a-zA-Z0-9]\/.test(t.secret)){for(var s,r,n,a=l.querySelectorAll('iframe[data-secret=\"'+t.secret+'\"]'),o=l.querySelectorAll('blockquote[data-secret=\"'+t.secret+'\"]'),c=new RegExp(\"^https?:$\",\"i\"),i=0;i<o.length;i++)o[i].style.display=\"none\";for(i=0;i<a.length;i++)s=a[i],e.source===s.contentWindow&&(s.removeAttribute(\"style\"),\"height\"===t.message?(1e3<(r=parseInt(t.value,10))?r=1e3:~~r<200&&(r=200),s.height=r):\"link\"===t.message&&(r=new URL(s.getAttribute(\"src\")),n=new URL(t.value),c.test(n.protocol))&&n.host===r.host&&l.activeElement===s&&(d.top.location.href=t.value))}},d.addEventListener(\"message\",d.wp.receiveEmbedMessage,!1),l.addEventListener(\"DOMContentLoaded\",function(){for(var e,t,s=l.querySelectorAll(\"iframe.wp-embedded-content\"),r=0;r<s.length;r++)(t=(e=s[r]).getAttribute(\"data-secret\"))||(t=Math.random().toString(36).substring(2,12),e.src+=\"#?secret=\"+t,e.setAttribute(\"data-secret\",t)),e.contentWindow.postMessage({message:\"ready\",secret:t},\"*\")},!1)))}(window,document);\n\/\/# sourceURL=https:\/\/www.jazzzeitung.de\/cms\/wp-includes\/js\/wp-embed.min.js\n\/* ]]> *\/\n<\/script>\n","description":"\u201eDa kann man einfach frei spielen.\u201c, erkl\u00e4rte die 12-j\u00e4hrige Nadine Bohmann aus Wertingen auf die Frage, was sie am Jazz so mag. Sie war eine der 300 jungen MusikerInnen aus ganz Bayern die am Wochenende beim Landeswettbewerb Jugend jazzt Bayern f\u00fcr Jazzorchester mit Vorentscheid Bayern zur Bundesbegegnung Jugend jazzt f\u00fcr Jugendjazzorchester und dem Bayerischer Orchesterwettbewerb, Kat. E f\u00fcr Jazzorchester in der Bayerischen Musikakademie Marktoberdorf teilgenommen hat. 17 Big Bands und Jazzorchester zeigten, was die bayerische Jazzszene so zu bieten hat. \u201eIn Bayern steppt der B\u00e4r, was den Jazz angeht.\u201c, res\u00fcmierte Jurymitglied Anne Czichowsky aus Baden-W\u00fcrttemberg und lag da ganz auf einer Linie mit ihren Kollegen Eberhard Budziat, Axel Prasuhn, Harald R\u00fcschenbaum, Stefan Sigg und Thomas Zoller. Nicht nur das hohe Niveau (7mal wurde das Pr\u00e4dikat \u201ehervorragend\u201c, 6mal \u201esehr gut\u201c und 4mal \u201egut\u201c vergeben), auch die vielen jungen Bands mit einem Durchschnittsalter bis 14 Jahre best\u00e4tigen die gute Nachwuchsarbeit in Bayern. \u201eGerade was die ganz Jungen zwischen 12 und 13 geboten haben, war erstaunlich.\u201c, f\u00fcgt Axel Prasuhn hinzu. Spontan entschied sich deshalb die Jury f\u00fcr die Bands bis 14 eine zus\u00e4tzliche Alterskategorie einzurichten. So gab es &hellip;","thumbnail_url":"http:\/\/www.jazzzeitung.de\/cms\/wp-content\/uploads\/2015\/11\/picpaenth-kaufbeuren-150x150.jpg"}