{"version":"1.0","provider_name":"JazzZeitung","provider_url":"https:\/\/www.jazzzeitung.de\/cms","title":"Virtuose Akkordeonkl\u00e4nge in der Unterfahrt - JazzZeitung","type":"rich","width":600,"height":338,"html":"<blockquote class=\"wp-embedded-content\" data-secret=\"89d68pgNHZ\"><a href=\"https:\/\/www.jazzzeitung.de\/cms\/2015\/02\/virtuose-akkordeonklaenge-der-unterfahrt\/\">Virtuose Akkordeonkl\u00e4nge in der Unterfahrt<\/a><\/blockquote><iframe sandbox=\"allow-scripts\" security=\"restricted\" src=\"https:\/\/www.jazzzeitung.de\/cms\/2015\/02\/virtuose-akkordeonklaenge-der-unterfahrt\/embed\/#?secret=89d68pgNHZ\" width=\"600\" height=\"338\" title=\"&#8222;Virtuose Akkordeonkl\u00e4nge in der Unterfahrt&#8220; &#8211; JazzZeitung\" data-secret=\"89d68pgNHZ\" frameborder=\"0\" marginwidth=\"0\" marginheight=\"0\" scrolling=\"no\" class=\"wp-embedded-content\"><\/iframe><script type=\"text\/javascript\">\n\/* <![CDATA[ *\/\n\/*! This file is auto-generated *\/\n!function(d,l){\"use strict\";l.querySelector&&d.addEventListener&&\"undefined\"!=typeof URL&&(d.wp=d.wp||{},d.wp.receiveEmbedMessage||(d.wp.receiveEmbedMessage=function(e){var t=e.data;if((t||t.secret||t.message||t.value)&&!\/[^a-zA-Z0-9]\/.test(t.secret)){for(var s,r,n,a=l.querySelectorAll('iframe[data-secret=\"'+t.secret+'\"]'),o=l.querySelectorAll('blockquote[data-secret=\"'+t.secret+'\"]'),c=new RegExp(\"^https?:$\",\"i\"),i=0;i<o.length;i++)o[i].style.display=\"none\";for(i=0;i<a.length;i++)s=a[i],e.source===s.contentWindow&&(s.removeAttribute(\"style\"),\"height\"===t.message?(1e3<(r=parseInt(t.value,10))?r=1e3:~~r<200&&(r=200),s.height=r):\"link\"===t.message&&(r=new URL(s.getAttribute(\"src\")),n=new URL(t.value),c.test(n.protocol))&&n.host===r.host&&l.activeElement===s&&(d.top.location.href=t.value))}},d.addEventListener(\"message\",d.wp.receiveEmbedMessage,!1),l.addEventListener(\"DOMContentLoaded\",function(){for(var e,t,s=l.querySelectorAll(\"iframe.wp-embedded-content\"),r=0;r<s.length;r++)(t=(e=s[r]).getAttribute(\"data-secret\"))||(t=Math.random().toString(36).substring(2,12),e.src+=\"#?secret=\"+t,e.setAttribute(\"data-secret\",t)),e.contentWindow.postMessage({message:\"ready\",secret:t},\"*\")},!1)))}(window,document);\n\/\/# sourceURL=https:\/\/www.jazzzeitung.de\/cms\/wp-includes\/js\/wp-embed.min.js\n\/* ]]> *\/\n<\/script>\n","thumbnail_url":"https:\/\/i0.wp.com\/www.jazzzeitung.de\/cms\/wp-content\/uploads\/2015\/02\/P1440373-Peirani-Copyright-TJ-Krebs-jazzphotoagency@web.de_.jpg?fit=2832%2C4248&ssl=1","thumbnail_width":2832,"thumbnail_height":4248,"description":"Von Thomas J. Krebs &#8211; Der Akkordeonvirtuose Vincent Peirani, in Frankreich letztes Jahr mit dem \u201ePrix Django d\u2019Or\u201c ausgezeichnet, besuchte die M\u00fcnchner Unterfahrt diesmal mit seinem aktuellen Projekt \u201eLiving Being\u201c und gleichnamiger CD im Gep\u00e4ck (ver\u00f6ffentlicht auf dem M\u00fcnchner ACT Label). Eine facettenreiche Band mit jungen Musikern, die alle aus unterschiedlichen stilistischen Lagern kommen. Mit gro\u00dfer Leichtigkeit musizierte Peirani, entlockte seinem Instrument grenz\u00fcberschreitend einzigartige Kl\u00e4nge, fernab aller Traditionen oder musikalischen Konventionen. Gemeinsam mit dem Saxophonisten und Weggef\u00e4hrten \u00c9mile Parisien, Tony Paeleman am Fender Rhodes, dem Bassisten Julien Hern\u00e9 und Schlagzeuger Yoann Serra z\u00fcndete das Quintett ein pulsierendes \u201eElectric Jazz &amp; More\u201c- Feuerwerk, das Ma\u00dfst\u00e4be setzte und die Zuh\u00f6rer im ausverkauften Club restlos begeisterte. Alle Fotos: Thomas J. Krebs."}