{"version":"1.0","provider_name":"JazzZeitung","provider_url":"https:\/\/www.jazzzeitung.de\/cms","title":"Radio-Tipp: taktlos \"Jazz prek\u00e4r\" - JazzZeitung","type":"rich","width":600,"height":338,"html":"<blockquote class=\"wp-embedded-content\" data-secret=\"b8kCtCNFxj\"><a href=\"https:\/\/www.jazzzeitung.de\/cms\/2013\/12\/radio-tipp-taktlos-jazz-prekaer\/\">Radio-Tipp: taktlos &#8222;Jazz prek\u00e4r&#8220;<\/a><\/blockquote><iframe sandbox=\"allow-scripts\" security=\"restricted\" src=\"https:\/\/www.jazzzeitung.de\/cms\/2013\/12\/radio-tipp-taktlos-jazz-prekaer\/embed\/#?secret=b8kCtCNFxj\" width=\"600\" height=\"338\" title=\"&#8222;Radio-Tipp: taktlos &#8222;Jazz prek\u00e4r&#8220;&#8220; &#8211; JazzZeitung\" data-secret=\"b8kCtCNFxj\" frameborder=\"0\" marginwidth=\"0\" marginheight=\"0\" scrolling=\"no\" class=\"wp-embedded-content\"><\/iframe><script type=\"text\/javascript\">\n\/* <![CDATA[ *\/\n\/*! This file is auto-generated *\/\n!function(d,l){\"use strict\";l.querySelector&&d.addEventListener&&\"undefined\"!=typeof URL&&(d.wp=d.wp||{},d.wp.receiveEmbedMessage||(d.wp.receiveEmbedMessage=function(e){var t=e.data;if((t||t.secret||t.message||t.value)&&!\/[^a-zA-Z0-9]\/.test(t.secret)){for(var s,r,n,a=l.querySelectorAll('iframe[data-secret=\"'+t.secret+'\"]'),o=l.querySelectorAll('blockquote[data-secret=\"'+t.secret+'\"]'),c=new RegExp(\"^https?:$\",\"i\"),i=0;i<o.length;i++)o[i].style.display=\"none\";for(i=0;i<a.length;i++)s=a[i],e.source===s.contentWindow&&(s.removeAttribute(\"style\"),\"height\"===t.message?(1e3<(r=parseInt(t.value,10))?r=1e3:~~r<200&&(r=200),s.height=r):\"link\"===t.message&&(r=new URL(s.getAttribute(\"src\")),n=new URL(t.value),c.test(n.protocol))&&n.host===r.host&&l.activeElement===s&&(d.top.location.href=t.value))}},d.addEventListener(\"message\",d.wp.receiveEmbedMessage,!1),l.addEventListener(\"DOMContentLoaded\",function(){for(var e,t,s=l.querySelectorAll(\"iframe.wp-embedded-content\"),r=0;r<s.length;r++)(t=(e=s[r]).getAttribute(\"data-secret\"))||(t=Math.random().toString(36).substring(2,12),e.src+=\"#?secret=\"+t,e.setAttribute(\"data-secret\",t)),e.contentWindow.postMessage({message:\"ready\",secret:t},\"*\")},!1)))}(window,document);\n\/\/# sourceURL=https:\/\/www.jazzzeitung.de\/cms\/wp-includes\/js\/wp-embed.min.js\n\/* ]]> *\/\n<\/script>\n","description":"Am 12. Dezember 2013\u00a0 wird von 21.03 bis 22.00 Uhr live aus dem Studio 9 des Bayerischen Rundfunks in M\u00fcnchen die Sendung taktlos gesendet. Die Moderation \u00fcbernehmen wie immer JazzZeitungs-Herausgeber Theo Gei\u00dfler und Marlen Reichert. Thema ist der Jazz. Hier einige Zeilen zum Inhalt &#8211; eigentlich toll: Es gibt so viel Jazz wie nie zuvor. Aber der Markt ist klein. Jazzclubs und \u2013musiker m\u00fcssen sich das Publikum teilen, stehen in Konkurrenz und treiben teilweise in die Insolvenz. Die \u201eInitiative Musik\u201c des Bundes legte jetzt ein hochdotiertes Spielst\u00e4ttenf\u00f6rderungsprogramm auf. Was kommt davon aber bei den Musikern und Clubs wirklich an? Tropfen auf den hei\u00dfen Stein oder Impuls f\u00fcr ein neuerbl\u00fchendes Jazzleben in Deutschland? Dar\u00fcber diskutieren bei taktlos 170\u00a0 auf BR-Klassik Musiker, Clubbetreiber und F\u00f6rderer. G\u00e4ste sind Michael St\u00fcckl (1. Vorsitzender Unterfahrt, M\u00fcnchen), Monika Roscher (Musikerin, M\u00fcnchen), Oliver Hochkeppel (Journalist, SZ, JazzZeitung), Live-Musik: Duo Kreitmeier &amp; Zehrfeld. Weitere Informationen auf der Website von taktlos.","thumbnail_url":"http:\/\/www.jazzzeitung.de\/cms\/wp-content\/uploads\/2013\/12\/taktlos-150x150.jpg"}