{"version":"1.0","provider_name":"JazzZeitung","provider_url":"https:\/\/www.jazzzeitung.de\/cms","author_name":"J\u00f6rg Lichtinger","author_url":"https:\/\/www.jazzzeitung.de\/cms\/author\/lichtinger\/","title":"Jazzfestivals im M\u00e4rz - JazzZeitung","type":"rich","width":600,"height":338,"html":"<blockquote class=\"wp-embedded-content\" data-secret=\"2JK0hJYYim\"><a href=\"https:\/\/www.jazzzeitung.de\/cms\/2011\/03\/jazzfestivals-im-maerz\/\">Jazzfestivals im M\u00e4rz<\/a><\/blockquote><iframe sandbox=\"allow-scripts\" security=\"restricted\" src=\"https:\/\/www.jazzzeitung.de\/cms\/2011\/03\/jazzfestivals-im-maerz\/embed\/#?secret=2JK0hJYYim\" width=\"600\" height=\"338\" title=\"&#8222;Jazzfestivals im M\u00e4rz&#8220; &#8211; JazzZeitung\" data-secret=\"2JK0hJYYim\" frameborder=\"0\" marginwidth=\"0\" marginheight=\"0\" scrolling=\"no\" class=\"wp-embedded-content\"><\/iframe><script type=\"text\/javascript\">\n\/* <![CDATA[ *\/\n\/*! This file is auto-generated *\/\n!function(d,l){\"use strict\";l.querySelector&&d.addEventListener&&\"undefined\"!=typeof URL&&(d.wp=d.wp||{},d.wp.receiveEmbedMessage||(d.wp.receiveEmbedMessage=function(e){var t=e.data;if((t||t.secret||t.message||t.value)&&!\/[^a-zA-Z0-9]\/.test(t.secret)){for(var s,r,n,a=l.querySelectorAll('iframe[data-secret=\"'+t.secret+'\"]'),o=l.querySelectorAll('blockquote[data-secret=\"'+t.secret+'\"]'),c=new RegExp(\"^https?:$\",\"i\"),i=0;i<o.length;i++)o[i].style.display=\"none\";for(i=0;i<a.length;i++)s=a[i],e.source===s.contentWindow&&(s.removeAttribute(\"style\"),\"height\"===t.message?(1e3<(r=parseInt(t.value,10))?r=1e3:~~r<200&&(r=200),s.height=r):\"link\"===t.message&&(r=new URL(s.getAttribute(\"src\")),n=new URL(t.value),c.test(n.protocol))&&n.host===r.host&&l.activeElement===s&&(d.top.location.href=t.value))}},d.addEventListener(\"message\",d.wp.receiveEmbedMessage,!1),l.addEventListener(\"DOMContentLoaded\",function(){for(var e,t,s=l.querySelectorAll(\"iframe.wp-embedded-content\"),r=0;r<s.length;r++)(t=(e=s[r]).getAttribute(\"data-secret\"))||(t=Math.random().toString(36).substring(2,12),e.src+=\"#?secret=\"+t,e.setAttribute(\"data-secret\",t)),e.contentWindow.postMessage({message:\"ready\",secret:t},\"*\")},!1)))}(window,document);\n\/\/# sourceURL=https:\/\/www.jazzzeitung.de\/cms\/wp-includes\/js\/wp-embed.min.js\n\/* ]]> *\/\n<\/script>\n","description":"Der M\u00e4rz sieht wieder einige Jazzfestivals in Deutschland: Im S\u00fcden der Klassiker, die Internationale Jazzwoche Burghausen und in M\u00fcnchen die interdisziplin\u00e4ren Festivals Jazzlines (27. M\u00e4rz \u2013 7. April) und ffAT (17.\u201319. M\u00e4rz) im S\u00fcdwesten das Jazzfestival St. Ingbert (18.\u201327. M\u00e4rz), im Norden und Nordosten die Jazztage Emsdetten (17.\u201319. M\u00e4rz) und der Neubrandenburger Jazzfr\u00fchling (23.\u201327. M\u00e4rz), im Osten das LeipJazzig-Festival (24.\u201327. M\u00e4rz) und quer durch Deutschland nach \u00d6sterreich in 13 St\u00e4dten und 14 Clubs die Club-Tour Brit-Jazz Week (14.\u201320. M\u00e4rz; 21.\u201327. M\u00e4rz).","thumbnail_url":"http:\/\/www.jazzzeitung.de\/cms\/wp-content\/uploads\/2011\/03\/Get-The-Blessing_foto_john_minton.jpg"}