{"version":"1.0","provider_name":"JazzZeitung","provider_url":"https:\/\/www.jazzzeitung.de\/cms","author_name":"J\u00f6rg Lichtinger","author_url":"https:\/\/www.jazzzeitung.de\/cms\/author\/lichtinger\/","title":"Gewinner des WDR-Jazzpreises 2010 stehen fest - JazzZeitung","type":"rich","width":600,"height":338,"html":"<blockquote class=\"wp-embedded-content\" data-secret=\"mVk9UL2hu7\"><a href=\"https:\/\/www.jazzzeitung.de\/cms\/2010\/09\/gewinner-des-wdr-jazzpreises-2010-stehen-fest\/\">Gewinner des WDR-Jazzpreises 2010 stehen fest<\/a><\/blockquote><iframe sandbox=\"allow-scripts\" security=\"restricted\" src=\"https:\/\/www.jazzzeitung.de\/cms\/2010\/09\/gewinner-des-wdr-jazzpreises-2010-stehen-fest\/embed\/#?secret=mVk9UL2hu7\" width=\"600\" height=\"338\" title=\"&#8222;Gewinner des WDR-Jazzpreises 2010 stehen fest&#8220; &#8211; JazzZeitung\" data-secret=\"mVk9UL2hu7\" frameborder=\"0\" marginwidth=\"0\" marginheight=\"0\" scrolling=\"no\" class=\"wp-embedded-content\"><\/iframe><script type=\"text\/javascript\">\n\/* <![CDATA[ *\/\n\/*! This file is auto-generated *\/\n!function(d,l){\"use strict\";l.querySelector&&d.addEventListener&&\"undefined\"!=typeof URL&&(d.wp=d.wp||{},d.wp.receiveEmbedMessage||(d.wp.receiveEmbedMessage=function(e){var t=e.data;if((t||t.secret||t.message||t.value)&&!\/[^a-zA-Z0-9]\/.test(t.secret)){for(var s,r,n,a=l.querySelectorAll('iframe[data-secret=\"'+t.secret+'\"]'),o=l.querySelectorAll('blockquote[data-secret=\"'+t.secret+'\"]'),c=new RegExp(\"^https?:$\",\"i\"),i=0;i<o.length;i++)o[i].style.display=\"none\";for(i=0;i<a.length;i++)s=a[i],e.source===s.contentWindow&&(s.removeAttribute(\"style\"),\"height\"===t.message?(1e3<(r=parseInt(t.value,10))?r=1e3:~~r<200&&(r=200),s.height=r):\"link\"===t.message&&(r=new URL(s.getAttribute(\"src\")),n=new URL(t.value),c.test(n.protocol))&&n.host===r.host&&l.activeElement===s&&(d.top.location.href=t.value))}},d.addEventListener(\"message\",d.wp.receiveEmbedMessage,!1),l.addEventListener(\"DOMContentLoaded\",function(){for(var e,t,s=l.querySelectorAll(\"iframe.wp-embedded-content\"),r=0;r<s.length;r++)(t=(e=s[r]).getAttribute(\"data-secret\"))||(t=Math.random().toString(36).substring(2,12),e.src+=\"#?secret=\"+t,e.setAttribute(\"data-secret\",t)),e.contentWindow.postMessage({message:\"ready\",secret:t},\"*\")},!1)))}(window,document);\n\/\/# sourceURL=https:\/\/www.jazzzeitung.de\/cms\/wp-includes\/js\/wp-embed.min.js\n\/* ]]> *\/\n<\/script>\n","description":"Ein paar Tage kursierten sie schon, jetzt hat der WDR die Preistr\u00e4ger des WDR-Jazzpreises 2010 auch offiziell verk\u00fcndet. \u00dcber jeweils 10.000 \u20ac freuen sich Pianist Stefan Schultze (Kategorie &#8222;Jazz Komposition&#8220;) und Trompeter Frederik K\u00f6ster (Kategorie &#8222;Jazz Improvisation&#8220;), der gerade erst einen Echo Jazz eingehimst hat. Den &#8222;Ehrenpreis&#8220; und den Preis in der Kategorie &#8222;Jazz Nachwuchs&#8220; hat man in diesem Jahr ausnahmsweise zusammengelegt und daf\u00fcr mit dem im M\u00e4rz 2010 verstorbenen Peter Herbolzheimer den bereits erwarteten Preistr\u00e4ger gefunden. Dar\u00fcber hinaus hat die WDR Big Band K\u00f6ln auch eine einj\u00e4hrige Patenschaft f\u00fcr das ehemals von Herbolzheimer geleitete BuJazzO \u00fcbernommen. Der Preis wird am 29. Oktober 2010 im WDR Funkhaus K\u00f6ln verliehen im Rahmen des Festivals WDR 3 jazz.cologne, das vom 28.\u201331. Oktober 2010 im WDR Funkhaus und im Stadtgarten in K\u00f6ln stattfinden wird. Die Sendetermine in WDR3 und das Programm: WDR-Jazzpreis Die Webseiten Preistr\u00e4ger: http:\/\/www.frederikkoester.de\/ http:\/\/www.stefanschultze.com\/","thumbnail_url":"http:\/\/www.jazzzeitung.de\/cms\/wp-content\/uploads\/2010\/09\/frederik_koester_425-214x300.jpg"}